{"id":12038,"date":"2018-05-29T13:34:51","date_gmt":"2018-05-29T11:34:51","guid":{"rendered":"https:\/\/www.avocat-vaucanson.com\/?page_id=12038"},"modified":"2020-03-23T17:09:14","modified_gmt":"2020-03-23T16:09:14","slug":"cession-entreprise","status":"publish","type":"page","link":"https:\/\/www.avocat-vaucanson.com\/cession-entreprise\/","title":{"rendered":"Avocat pour  cession, transformation et dissolution d\u2019entreprises \u00e0 Saint-Germain-en-Laye"},"content":{"rendered":"<div class=\"push\" style='height:35px'><\/div>\n<div class=\"row \"><div class=\"wpv-grid grid-3-4  wpv-first-level first unextended\" style=\"padding-top:0px;padding-bottom:0px\" id=\"wpv-column-cce5b05f87953104a37ef37f8df64a87\" ><div class=\"row \"><div class=\"wpv-grid grid-1-1  first unextended\" style=\"padding-top:0px;padding-bottom:0px\" id=\"wpv-column-99904c1e2e307534d317fdc04c9f1702\" ><p>Ma\u00eetre VAUCANSON intervient \u00e0 Saint Germain en Laye, dans l\u2019ensemble du d\u00e9partement des Yvelines ainsi que dans toute la France.<\/p>\n<p>La vie d\u2019une soci\u00e9t\u00e9 peut \u00eatre travers\u00e9e de diff\u00e9rents \u00e9v\u00e8nements qui l\u2019oblige \u00e0 s\u2019adapter en permanence \u00e0 son environnement, \u00e0 ses concurrents mais \u00e9galement \u00e0 ses besoins de croissance notamment, c\u2019est l\u2019objet de la transformation d\u2019entreprises.<\/p>\n<p>La soci\u00e9t\u00e9, \u00e0 l\u2019instar du fonds de commerce peut \u00e9galement faire l\u2019objet d\u2019une cession servant un objectif de croissance ou un objectif patrimonial.<\/p>\n<p>Enfin, la soci\u00e9t\u00e9 peut arriver en fin de vie et devoir faire l\u2019objet d\u2019une dissolution d\u00e9cid\u00e9e par les associ\u00e9s ou par d\u00e9cision de justice, qu\u2019il conviendra de g\u00e9rer avec rigueur eu \u00e9gard aux cons\u00e9quences pour ses dirigeants.<\/p>\n<p><strong>\u00a0<\/strong><\/p>\n<h2><span style=\"color: #a38858;\">La transformation des entreprises <\/span><\/h2>\n<p>La n\u00e9cessit\u00e9 de transformer une entreprise individuelle en soci\u00e9t\u00e9 ou le changement d\u2019une forme sociale, r\u00e9pond \u00e0 plusieurs imp\u00e9ratifs qu\u2019il conviendra d\u2019analyser avec pr\u00e9cision afin de faire les bons choix en terme de restructuration.<\/p>\n<p>Elle r\u00e9pond g\u00e9n\u00e9ralement \u00e0 un souci d\u2019adaptation de la forme sociale au contexte \u00e9conomique et aux besoins de l\u2019entreprise.<\/p>\n<p>La transformation d\u2019une entreprise ou d\u2019une soci\u00e9t\u00e9 va aboutir \u00e0 modifier la forme de la soci\u00e9t\u00e9, ses statuts et son cadre juridique, sans modifier sa personnalit\u00e9 morale.<\/p>\n<h3><strong><span style=\"color: #783e1a;\">Les modalit\u00e9s de la transformation d\u2019une soci\u00e9t\u00e9<\/span> <\/strong><\/h3>\n<p>La transformation requiert une d\u00e9cision collective des associ\u00e9s dont les conditions de vote d\u00e9pendent de la forme de la soci\u00e9t\u00e9 \u00e0 transformer.<\/p>\n<p>Elle requiert ensuite une modification des statuts, g\u00e9n\u00e9ralement dans les conditions de majorit\u00e9 et de quorum requises pour les d\u00e9cisions des Assembl\u00e9es G\u00e9n\u00e9rales Extraordinaires.<\/p>\n<p>Elle n\u00e9cessitera \u00e9galement la mise en conformit\u00e9 de la structure avec l\u2019ensemble des exigences l\u00e9gales requises par la forme sociale vis\u00e9e.<\/p>\n<h3><strong><span style=\"color: #783e1a;\">Les cons\u00e9quences de la transformation d\u2019une soci\u00e9t\u00e9\u00a0<\/span> <\/strong><\/h3>\n<p>En principe, la transformation d\u2019une soci\u00e9t\u00e9 n\u2019entraine pas la <a href=\"\/creation-societe\/\">cr\u00e9ation<\/a> d\u2019une nouvelle personne morale.<\/p>\n<p>La personnalit\u00e9 morale de l\u2019ancienne soci\u00e9t\u00e9 est simplement poursuivie sous une forme sociale diff\u00e9rente.<\/p>\n<p>Sur le plan fiscal, la transformation d\u2019une soci\u00e9t\u00e9 peut \u00eatre consid\u00e9r\u00e9e comme une cessation d\u2019entreprise et entrainer une imposition imm\u00e9diate des plus values et des r\u00e9sultats d\u00e8s lors que le r\u00e9gime fiscal est modifi\u00e9.<\/p>\n<p>En ce qui concerne les associ\u00e9s, la transformation peut entrainer une modification de leurs droits et obligations \u00e0 l\u2019\u00e9gard de la nouvelle forme sociale, c\u2019est la raison pour laquelle les conditions de vote d\u2019une transformation appartiennent \u00e0 la sph\u00e8re des d\u00e9cisions extraordinaires et requi\u00e8rent des conditions de quorum et de majorit\u00e9 renforc\u00e9es.<\/p>\n<p>Les cr\u00e9anciers de la soci\u00e9t\u00e9 sont inform\u00e9s par voie de publicit\u00e9.<\/p>\n<p>A l\u2019\u00e9gard des cr\u00e9anciers, la transformation n\u2019ayant pas entrainer l\u2019extinction de la personne morale initiale ou ant\u00e9rieure, ces derniers conservent leurs droits sans qu\u2019aucune formalit\u00e9 ne soit requise.<\/p>\n<h2><\/h2>\n<h2><span style=\"color: #a38858;\">La cession de soci\u00e9t\u00e9s<\/span><\/h2>\n<p>Plut\u00f4t que de cession de soci\u00e9t\u00e9, il faudrait pr\u00e9ciser l\u2019objet de la cession.<\/p>\n<p>Il s\u2019agit en g\u00e9n\u00e9ral de la cession des titres composant le capital de la soci\u00e9t\u00e9, c\u2019est-\u00e0-dire de la cession de valeurs mobili\u00e8res, qu\u2019elles soient, parts sociales (SARL) ou actions (SA, SAS).<\/p>\n<p>Il peut \u00e9galement s\u2019agir de la cession des actifs de la soci\u00e9t\u00e9, notamment son fonds de commerce ou d\u2019une cession d\u2019une branche de son activit\u00e9.<\/p>\n<p>La cession des titres d\u2019une soci\u00e9t\u00e9 est un acte tr\u00e8s banal si l\u2019on se r\u00e9f\u00e8re aux soci\u00e9t\u00e9s dont les titres sont cot\u00e9s en bourse et qui font l\u2019objet d\u2019une forte mobilit\u00e9.<\/p>\n<p>Il peut s\u2019agir au contraire d\u2019un accord de gr\u00e9 \u00e0 gr\u00e9 entre un vendeur et un acqu\u00e9reur d\u00e8s lors que les parts ou actions composant le capital social sont nominatifs et\/ou non cessibles sans l\u2019accord des autres associ\u00e9s ou de la soci\u00e9t\u00e9 (c\u2019est le cas notamment dans la SARL et dans la SAS selon la pr\u00e9visions des statuts).<\/p>\n<p>La cession de titres est moins formaliste que celle du fonds de commerce, mais elle exige n\u00e9anmoins certaines formalit\u00e9s.<\/p>\n<p>Elle doit faire l\u2019objet d\u2019un acte sous seing priv\u00e9 ou d\u2019acte notari\u00e9.<\/p>\n<p>Cet acte doit \u00eatre enregistr\u00e9 aupr\u00e8s du service des imp\u00f4ts des entreprises, puis \u00eatre d\u00e9pos\u00e9 au greffe du tribunal de commerce comp\u00e9tent.<\/p>\n<p>Une publicit\u00e9 au Bodacc sera effectu\u00e9e \u00e0 la diligence du greffe.<\/p>\n<p>Elle b\u00e9n\u00e9fice d\u2019une fiscalit\u00e9 sp\u00e9cifique qui s&rsquo;\u00e9l\u00e8ve \u00e0 3 %\u00a0 du montant de la cession apr\u00e8s l&rsquo;application d&rsquo;un abattement, sur la valeur de chaque part sociale, \u00e9gal \u00e0\u00a023 000 \u20ac divis\u00e9 par\u00a0le nombre total de parts sociales de la soci\u00e9t\u00e9 (en SARL).<\/p>\n<p>La cession d\u2019une soci\u00e9t\u00e9 entraine le transfert des actifs mais \u00e9galement du passif de la soci\u00e9t\u00e9.<\/p>\n<p>Il est recommand\u00e9 d\u2019effectuer un audit approfondi de la soci\u00e9t\u00e9 cibl\u00e9e afin de mesurer tr\u00e8s concr\u00e8tement l\u2019\u00e9tat de l\u2019entreprise ainsi que les risques pris par l\u2019acqu\u00e9reur.<\/p>\n<p>Cet audit sera avantageusement accompagn\u00e9 d\u2019une convention de garantie de passif et d\u2019actif afin de s\u00e9curiser la transaction et l\u2019engagement de l\u2019acqu\u00e9reur.<\/p>\n<p>Ainsi, dans l\u2019hypoth\u00e8se o\u00f9 la valeur r\u00e9elle des postes du bilan se r\u00e9v\u00e9lait diff\u00e9rente de celle fournie par le c\u00e9dant, ce dernier serait alors tenu d&rsquo;indemniser l&rsquo;acqu\u00e9reur.<\/p>\n<h2><span style=\"color: #a38858;\">La dissolution de soci\u00e9t\u00e9s<\/span><\/h2>\n<p>La dissolution d\u2019une soci\u00e9t\u00e9 peut r\u00e9pondre \u00e0 plusieurs exigences ou n\u00e9cessit\u00e9s.<\/p>\n<p>Il existe des cas de dissolution de plein droit\u00a0: r\u00e9union des titres entre les mains d\u2019un seul associ\u00e9 ou actionnaire, extinction ou r\u00e9alisation de l\u2019objet social, et arriv\u00e9e du terme en l\u2019absence de d\u00e9cision de prorogation.<\/p>\n<p>La soci\u00e9t\u00e9 peut \u00e9galement \u00eatre dissoute par d\u00e9cision collective des associ\u00e9s ou par la survenance d\u2019une cause de dissolution pr\u00e9vue par les statuts.<\/p>\n<p>Il s\u2019agit alors d\u2019une dissolution amiable qui devra \u00eatre pr\u00e9c\u00e9d\u00e9e d\u2019une phase de liquidation amiable, c\u2019est-\u00e0-dire d\u2019une phase d\u2019apurement du passif et de r\u00e9alisation des actifs, c\u2019est-\u00e0-dire de cession des biens de la soci\u00e9t\u00e9.<\/p>\n<p>La dissolution de la soci\u00e9t\u00e9 peut \u00e9galement \u00eatre d\u00e9cid\u00e9e en justice.<\/p>\n<p>Elle sera alors cons\u00e9cutive soit \u00e0 des difficult\u00e9s de gestion persistantes et un redressement jug\u00e9 manifestement impossible (droit des proc\u00e9dures collectives), soit \u00e0 un litige entre associ\u00e9s, entrainant une paralysie dans le fonctionnement de la soci\u00e9t\u00e9, et conduisant \u00e0 sa ruine.<\/p>\n<p>Le cabinet de Ma\u00eetre VAUCANSON vous accompagne dans l\u2019ensemble des op\u00e9rations de transformation, cession, ou dissolution de soci\u00e9t\u00e9s \u00e0 Saint Germain en Laye, dans tout le d\u00e9partement des Yvelines et plus g\u00e9n\u00e9ralement sur toute la France.<\/div><\/div><\/div>\n<div class=\"wpv-grid grid-1-4  wpv-first-level unextended\" style=\"padding-top:0px;padding-bottom:0px\" id=\"wpv-column-f013ed714669299de9d50fc653a31a3d\" ><div class=\"row \"><div class=\"wpv-grid grid-1-1  first unextended\" style=\"padding-top:0px;padding-bottom:0px\" id=\"wpv-column-0da4e0f3ca89576ad699e62598e35034\" ><div class=\"services clearfix fullimage no-image has-icon has-button \" style=\"text-align:left;\">\r\n\t<div class=\"services-inside\">\r\n\t\t\t\t\t\t\t\t\t<div class=\"thumbnail\">\r\n\t\t\t\t\t\t\t\t\t\t\t<a href=\"\/\" title=\"Mail\" class=\"\">\r\n\t\t\t\t\t\t\t\t\t\t\t\t\t\t\t\t\t\t<span class='icon shortcode   use-hover' style='font-size:31px !important;color:#a38858;'>&#57507;<\/span>\t\t\t\t\t\t\t\t\t\t\t\t\t\t\t\t\t<\/a>\r\n\t\t\t\t\t\t\t\t\t<\/div>\r\n\t\t\t\t\t\t\t\t\t<div class=\"sep-2\"><\/div>\r\n\t\t\t\t\t\t\t\t\t\t\t\t\t\t<h4 class=\"services-title\">\r\n\t\t\t\t\t\t\t\t\t<a href=\"\/\" title=\"Mail\">Mail<\/a>\r\n\t\t\t\t\t\t\t<\/h4>\r\n\t\t\t\t\t\t\t<div class=\"services-content\">\n<a href=\"mailto:mevg@mevg.fr\" target=\"_blank\" rel=\"noopener noreferrer\">mevg@mevg.fr<\/a><\/div>\r\n\t\t\t\t\t<\/div>\r\n<\/div>\r\n<\/div><\/div>\n<div class=\"row \"><div class=\"wpv-grid grid-1-1  first unextended\" style=\"padding-top:0px;padding-bottom:0px\" id=\"wpv-column-ad83c67d27005461ca70b6d94bb26c0b\" ><div class=\"services clearfix fullimage no-image has-icon has-button \" style=\"text-align:left;\">\r\n\t<div class=\"services-inside\">\r\n\t\t\t\t\t\t\t\t\t<div class=\"thumbnail\">\r\n\t\t\t\t\t\t\t\t\t\t\t<a href=\"\/\" title=\"T\u00e9l\u00e9phone\" class=\"\">\r\n\t\t\t\t\t\t\t\t\t\t\t\t\t\t\t\t\t\t<span class='icon shortcode   use-hover' style='font-size:31px !important;color:#a38858;'>&#57491;<\/span>\t\t\t\t\t\t\t\t\t\t\t\t\t\t\t\t\t<\/a>\r\n\t\t\t\t\t\t\t\t\t<\/div>\r\n\t\t\t\t\t\t\t\t\t<div class=\"sep-2\"><\/div>\r\n\t\t\t\t\t\t\t\t\t\t\t\t\t\t<h4 class=\"services-title\">\r\n\t\t\t\t\t\t\t\t\t<a href=\"\/\" title=\"T\u00e9l\u00e9phone\">T\u00e9l\u00e9phone<\/a>\r\n\t\t\t\t\t\t\t<\/h4>\r\n\t\t\t\t\t\t\t<div class=\"services-content\">\n01 39 73 40 85<\/div>\r\n\t\t\t\t\t<\/div>\r\n<\/div>\r\n<\/div><\/div>\n<div class=\"row \"><div class=\"wpv-grid grid-1-1  first unextended\" style=\"padding-top:0px;padding-bottom:0px\" id=\"wpv-column-d4546dc6b050cecfef7ca571a79bf862\" ><div class=\"services clearfix fullimage no-image has-icon has-button \" style=\"text-align:left;\">\r\n\t<div class=\"services-inside\">\r\n\t\t\t\t\t\t\t\t\t<div class=\"thumbnail\">\r\n\t\t\t\t\t\t\t\t\t\t\t<a href=\"\/\" title=\"Adresse\" class=\"\">\r\n\t\t\t\t\t\t\t\t\t\t\t\t\t\t\t\t\t\t<span class='icon shortcode   use-hover' style='font-size:31px !important;color:#a38858;'>&#57512;<\/span>\t\t\t\t\t\t\t\t\t\t\t\t\t\t\t\t\t<\/a>\r\n\t\t\t\t\t\t\t\t\t<\/div>\r\n\t\t\t\t\t\t\t\t\t<div class=\"sep-2\"><\/div>\r\n\t\t\t\t\t\t\t\t\t\t\t\t\t\t<h4 class=\"services-title\">\r\n\t\t\t\t\t\t\t\t\t<a href=\"\/\" title=\"Adresse\">Adresse<\/a>\r\n\t\t\t\t\t\t\t<\/h4>\r\n\t\t\t\t\t\t\t<div class=\"services-content\">\n10 rue Thiers<br \/>\n78100 SAINT GERMAIN EN LAYE<\/p>\n<p><strong>\u00a0<\/strong><\/div>\r\n\t\t\t\t\t<\/div>\r\n<\/div>\r\n<\/div><\/div>\n<div class=\"row \"><div class=\"wpv-grid grid-1-1  first unextended\" style=\"padding-top:0px;padding-bottom:0px\" id=\"wpv-column-57658ee5d2a127de90866dcbc7c52a09\" ><div class=\"services clearfix fullimage no-image has-icon has-button \" style=\"text-align:left;\">\r\n\t<div class=\"services-inside\">\r\n\t\t\t\t\t\t\t\t\t<div class=\"thumbnail\">\r\n\t\t\t\t\t\t\t\t\t\t\t<a href=\"\/\" title=\"Horaires\" class=\"\">\r\n\t\t\t\t\t\t\t\t\t\t\t\t\t\t\t\t\t\t<span class='icon shortcode   use-hover' style='font-size:31px !important;color:#a38858;'>&#57524;<\/span>\t\t\t\t\t\t\t\t\t\t\t\t\t\t\t\t\t<\/a>\r\n\t\t\t\t\t\t\t\t\t<\/div>\r\n\t\t\t\t\t\t\t\t\t<div class=\"sep-2\"><\/div>\r\n\t\t\t\t\t\t\t\t\t\t\t\t\t\t<h4 class=\"services-title\">\r\n\t\t\t\t\t\t\t\t\t<a href=\"\/\" title=\"Horaires\">Horaires<\/a>\r\n\t\t\t\t\t\t\t<\/h4>\r\n\t\t\t\t\t\t\t<div class=\"services-content\">\n<div class=\"info_horaire\">\n<p>Du lundi au vendredi<\/p>\n<p>De 9h \u00e0 13h et de 14h \u00e0 19h<\/p>\n<\/div>\n<p><strong>\u00a0<\/strong><\/div>\r\n\t\t\t\t\t<\/div>\r\n<\/div>\r\n<\/div><\/div>\n<div class=\"row \"><div class=\"wpv-grid grid-1-1  first unextended\" style=\"padding-top:0px;padding-bottom:0px\" id=\"wpv-column-20a954380896e54b495b7dac036594b3\" ><p><img loading=\"lazy\" decoding=\"async\" class=\"alignnone wp-image-12031 size-large\" src=\"https:\/\/www.avocat-vaucanson.com\/file\/2018\/05\/soci\u00e9t\u00e9-petit-4-823x1024.jpg\" alt=\"\" width=\"823\" height=\"1024\" srcset=\"https:\/\/www.avocat-vaucanson.com\/file\/2018\/05\/soci\u00e9t\u00e9-petit-4-823x1024.jpg 823w, https:\/\/www.avocat-vaucanson.com\/file\/2018\/05\/soci\u00e9t\u00e9-petit-4-241x300.jpg 241w, https:\/\/www.avocat-vaucanson.com\/file\/2018\/05\/soci\u00e9t\u00e9-petit-4-768x955.jpg 768w, https:\/\/www.avocat-vaucanson.com\/file\/2018\/05\/soci\u00e9t\u00e9-petit-4-1140x1418.jpg 1140w, https:\/\/www.avocat-vaucanson.com\/file\/2018\/05\/soci\u00e9t\u00e9-petit-4-555x690.jpg 555w, https:\/\/www.avocat-vaucanson.com\/file\/2018\/05\/soci\u00e9t\u00e9-petit-4-360x448.jpg 360w, https:\/\/www.avocat-vaucanson.com\/file\/2018\/05\/soci\u00e9t\u00e9-petit-4-262x326.jpg 262w, https:\/\/www.avocat-vaucanson.com\/file\/2018\/05\/soci\u00e9t\u00e9-petit-4-1320x1641.jpg 1320w, https:\/\/www.avocat-vaucanson.com\/file\/2018\/05\/soci\u00e9t\u00e9-petit-4-600x746.jpg 600w\" sizes=\"auto, (max-width: 823px) 100vw, 823px\" \/><\/div><\/div><\/div><\/div>\n<div class=\"push\" style='height:35px'><\/div>\n","protected":false},"excerpt":{"rendered":"<p>Ma\u00eetre VAUCANSON intervient \u00e0 Saint Germain en Laye, dans l\u2019ensemble du d\u00e9partement des Yvelines ainsi que dans toute la France. La vie d\u2019une soci\u00e9t\u00e9 peut \u00eatre travers\u00e9e de diff\u00e9rents \u00e9v\u00e8nements qui l\u2019oblige \u00e0 s\u2019adapter en permanence \u00e0 son environnement, \u00e0 ses concurrents mais \u00e9galement \u00e0 ses besoins de croissance notamment, c\u2019est l\u2019objet de la transformation&#8230;<\/p>\n","protected":false},"author":2,"featured_media":0,"parent":0,"menu_order":0,"comment_status":"closed","ping_status":"closed","template":"","meta":{"footnotes":""},"class_list":["post-12038","page","type-page","status-publish","hentry"],"yoast_head":"<!-- This site is optimized with the Yoast SEO plugin v25.4 - https:\/\/yoast.com\/wordpress\/plugins\/seo\/ -->\n<title>Cession et Transformation d\u2019entreprises \u00e0 Saint-Germain-en-Laye<\/title>\n<meta name=\"description\" content=\"Vous cherchez un avocat \u00e0 Saint-Germain-en-Laye pour des questions li\u00e9es \u00e0 la cession, transformation et dissolution d\u2019entreprises ? Contactez Me VAUCANSON ici.\" \/>\n<meta name=\"robots\" content=\"index, follow, max-snippet:-1, max-image-preview:large, max-video-preview:-1\" \/>\n<link rel=\"canonical\" href=\"https:\/\/www.avocat-vaucanson.com\/cession-entreprise\/\" \/>\n<meta property=\"og:locale\" content=\"fr_FR\" \/>\n<meta property=\"og:type\" content=\"article\" \/>\n<meta property=\"og:title\" content=\"Cession et Transformation d\u2019entreprises \u00e0 Saint-Germain-en-Laye\" \/>\n<meta property=\"og:description\" content=\"Vous cherchez un avocat \u00e0 Saint-Germain-en-Laye pour des questions li\u00e9es \u00e0 la cession, transformation et dissolution d\u2019entreprises ? Contactez Me VAUCANSON ici.\" \/>\n<meta property=\"og:url\" content=\"https:\/\/www.avocat-vaucanson.com\/cession-entreprise\/\" \/>\n<meta property=\"og:site_name\" content=\"Vaucanson\" \/>\n<meta property=\"article:modified_time\" content=\"2020-03-23T16:09:14+00:00\" \/>\n<meta name=\"twitter:card\" content=\"summary_large_image\" \/>\n<meta name=\"twitter:label1\" content=\"Dur\u00e9e de lecture estim\u00e9e\" \/>\n\t<meta name=\"twitter:data1\" content=\"8 minutes\" \/>\n<script type=\"application\/ld+json\" class=\"yoast-schema-graph\">{\"@context\":\"https:\/\/schema.org\",\"@graph\":[{\"@type\":\"WebPage\",\"@id\":\"https:\/\/www.avocat-vaucanson.com\/cession-entreprise\/\",\"url\":\"https:\/\/www.avocat-vaucanson.com\/cession-entreprise\/\",\"name\":\"Cession et Transformation d\u2019entreprises \u00e0 Saint-Germain-en-Laye\",\"isPartOf\":{\"@id\":\"https:\/\/www.avocat-vaucanson.com\/#website\"},\"datePublished\":\"2018-05-29T11:34:51+00:00\",\"dateModified\":\"2020-03-23T16:09:14+00:00\",\"description\":\"Vous cherchez un avocat \u00e0 Saint-Germain-en-Laye pour des questions li\u00e9es \u00e0 la cession, transformation et dissolution d\u2019entreprises ? Contactez Me VAUCANSON ici.\",\"breadcrumb\":{\"@id\":\"https:\/\/www.avocat-vaucanson.com\/cession-entreprise\/#breadcrumb\"},\"inLanguage\":\"fr-FR\",\"potentialAction\":[{\"@type\":\"ReadAction\",\"target\":[\"https:\/\/www.avocat-vaucanson.com\/cession-entreprise\/\"]}]},{\"@type\":\"BreadcrumbList\",\"@id\":\"https:\/\/www.avocat-vaucanson.com\/cession-entreprise\/#breadcrumb\",\"itemListElement\":[{\"@type\":\"ListItem\",\"position\":1,\"name\":\"Accueil\",\"item\":\"https:\/\/www.avocat-vaucanson.com\/\"},{\"@type\":\"ListItem\",\"position\":2,\"name\":\"Avocat pour cession, transformation et dissolution d\u2019entreprises \u00e0 Saint-Germain-en-Laye\"}]},{\"@type\":\"WebSite\",\"@id\":\"https:\/\/www.avocat-vaucanson.com\/#website\",\"url\":\"https:\/\/www.avocat-vaucanson.com\/\",\"name\":\"Vaucanson\",\"description\":\"Avocat au barreau de Versailles\",\"potentialAction\":[{\"@type\":\"SearchAction\",\"target\":{\"@type\":\"EntryPoint\",\"urlTemplate\":\"https:\/\/www.avocat-vaucanson.com\/?s={search_term_string}\"},\"query-input\":{\"@type\":\"PropertyValueSpecification\",\"valueRequired\":true,\"valueName\":\"search_term_string\"}}],\"inLanguage\":\"fr-FR\"}]}<\/script>\n<!-- \/ Yoast SEO plugin. -->","yoast_head_json":{"title":"Cession et Transformation d\u2019entreprises \u00e0 Saint-Germain-en-Laye","description":"Vous cherchez un avocat \u00e0 Saint-Germain-en-Laye pour des questions li\u00e9es \u00e0 la cession, transformation et dissolution d\u2019entreprises ? Contactez Me VAUCANSON ici.","robots":{"index":"index","follow":"follow","max-snippet":"max-snippet:-1","max-image-preview":"max-image-preview:large","max-video-preview":"max-video-preview:-1"},"canonical":"https:\/\/www.avocat-vaucanson.com\/cession-entreprise\/","og_locale":"fr_FR","og_type":"article","og_title":"Cession et Transformation d\u2019entreprises \u00e0 Saint-Germain-en-Laye","og_description":"Vous cherchez un avocat \u00e0 Saint-Germain-en-Laye pour des questions li\u00e9es \u00e0 la cession, transformation et dissolution d\u2019entreprises ? Contactez Me VAUCANSON ici.","og_url":"https:\/\/www.avocat-vaucanson.com\/cession-entreprise\/","og_site_name":"Vaucanson","article_modified_time":"2020-03-23T16:09:14+00:00","twitter_card":"summary_large_image","twitter_misc":{"Dur\u00e9e de lecture estim\u00e9e":"8 minutes"},"schema":{"@context":"https:\/\/schema.org","@graph":[{"@type":"WebPage","@id":"https:\/\/www.avocat-vaucanson.com\/cession-entreprise\/","url":"https:\/\/www.avocat-vaucanson.com\/cession-entreprise\/","name":"Cession et Transformation d\u2019entreprises \u00e0 Saint-Germain-en-Laye","isPartOf":{"@id":"https:\/\/www.avocat-vaucanson.com\/#website"},"datePublished":"2018-05-29T11:34:51+00:00","dateModified":"2020-03-23T16:09:14+00:00","description":"Vous cherchez un avocat \u00e0 Saint-Germain-en-Laye pour des questions li\u00e9es \u00e0 la cession, transformation et dissolution d\u2019entreprises ? Contactez Me VAUCANSON ici.","breadcrumb":{"@id":"https:\/\/www.avocat-vaucanson.com\/cession-entreprise\/#breadcrumb"},"inLanguage":"fr-FR","potentialAction":[{"@type":"ReadAction","target":["https:\/\/www.avocat-vaucanson.com\/cession-entreprise\/"]}]},{"@type":"BreadcrumbList","@id":"https:\/\/www.avocat-vaucanson.com\/cession-entreprise\/#breadcrumb","itemListElement":[{"@type":"ListItem","position":1,"name":"Accueil","item":"https:\/\/www.avocat-vaucanson.com\/"},{"@type":"ListItem","position":2,"name":"Avocat pour cession, transformation et dissolution d\u2019entreprises \u00e0 Saint-Germain-en-Laye"}]},{"@type":"WebSite","@id":"https:\/\/www.avocat-vaucanson.com\/#website","url":"https:\/\/www.avocat-vaucanson.com\/","name":"Vaucanson","description":"Avocat au barreau de Versailles","potentialAction":[{"@type":"SearchAction","target":{"@type":"EntryPoint","urlTemplate":"https:\/\/www.avocat-vaucanson.com\/?s={search_term_string}"},"query-input":{"@type":"PropertyValueSpecification","valueRequired":true,"valueName":"search_term_string"}}],"inLanguage":"fr-FR"}]}},"_links":{"self":[{"href":"https:\/\/www.avocat-vaucanson.com\/rest\/wp\/v2\/pages\/12038","targetHints":{"allow":["GET"]}}],"collection":[{"href":"https:\/\/www.avocat-vaucanson.com\/rest\/wp\/v2\/pages"}],"about":[{"href":"https:\/\/www.avocat-vaucanson.com\/rest\/wp\/v2\/types\/page"}],"author":[{"embeddable":true,"href":"https:\/\/www.avocat-vaucanson.com\/rest\/wp\/v2\/users\/2"}],"replies":[{"embeddable":true,"href":"https:\/\/www.avocat-vaucanson.com\/rest\/wp\/v2\/comments?post=12038"}],"version-history":[{"count":9,"href":"https:\/\/www.avocat-vaucanson.com\/rest\/wp\/v2\/pages\/12038\/revisions"}],"predecessor-version":[{"id":12324,"href":"https:\/\/www.avocat-vaucanson.com\/rest\/wp\/v2\/pages\/12038\/revisions\/12324"}],"wp:attachment":[{"href":"https:\/\/www.avocat-vaucanson.com\/rest\/wp\/v2\/media?parent=12038"}],"curies":[{"name":"wp","href":"https:\/\/api.w.org\/{rel}","templated":true}]}}