{"id":12070,"date":"2018-05-29T14:10:19","date_gmt":"2018-05-29T12:10:19","guid":{"rendered":"https:\/\/www.avocat-vaucanson.com\/?page_id=12070"},"modified":"2020-03-23T17:10:59","modified_gmt":"2020-03-23T16:10:59","slug":"baux-commerciaux","status":"publish","type":"page","link":"https:\/\/www.avocat-vaucanson.com\/baux-commerciaux\/","title":{"rendered":"Avocat pour les baux commerciaux et la cession des fonds de commerce \u00e0 Saint-Germain-en-Laye"},"content":{"rendered":"<div class=\"push\" style='height:35px'><\/div>\n<div class=\"row \"><div class=\"wpv-grid grid-3-4  wpv-first-level first unextended\" style=\"padding-top:0px;padding-bottom:0px\" id=\"wpv-column-8cca60e76a58d85def6a886cf5db44af\" ><div class=\"row \"><div class=\"wpv-grid grid-1-1  first unextended\" style=\"padding-top:0px;padding-bottom:0px\" id=\"wpv-column-7089a02f48aedf6bcc6bbde3a5d5fc47\" ><p>Ma\u00eetre VAUCANSON,<a href=\"https:\/\/www.avocat-vaucanson.com\/votre-avocat\/\"> Avocat au Barreau de Versailles<\/a> intervient \u00e0 Saint Germain en Laye, dans l\u2019ensemble du d\u00e9partement des Yvelines ainsi que dans toute la France.<\/p>\n<p>Le fonds de commerce repr\u00e9sente un \u00e9l\u00e9ment essentiel de la valeur d\u2019une entreprise et peut faire l\u2019objet de diverses op\u00e9rations patrimoniales.<\/p>\n<p>Le bail commercial constitue dans certain cas un \u00e9l\u00e9ment particuli\u00e8rement important, voir essentiel de la valeur du fonds.<\/p>\n<p>C\u2019est la raison pour laquelle ce bien fait l\u2019objet d\u2019une r\u00e8glementation et d\u2019une protection sp\u00e9ciale, appel\u00e9es statut des baux commerciaux.<\/p>\n<p><strong>\u00a0<\/strong><\/p>\n<h2><\/h2>\n<h2><span style=\"color: #a38858;\">Les baux commerciaux\u00a0: un \u00e9l\u00e9ment particuli\u00e8rement essentiel du fonds de commerce<\/span><\/h2>\n<p>Le bail commercial est un bail particulier r\u00e9gi par les dispositions du d\u00e9cret du 30 septembre 1953, largement modifi\u00e9 depuis.<\/p>\n<p>Le bail commercial est soumis \u00e0 une l\u00e9gislation particuli\u00e8rement complexe et \u00e0 de nombreuses dispositions d&rsquo;ordre public, de nature \u00e0 prot\u00e9ger le fonds de commerce du commer\u00e7ant, de l&rsquo;industriel ou de l&rsquo;artisan.<\/p>\n<p>Ainsi le bail commercial ne jouit pas de la libert\u00e9 contractuelle de droit commun.<\/p>\n<p>La loi comportant de nombreuses dispositions d&rsquo;ordre public, ces derni\u00e8res ne peuvent \u00eatre contredites par des conventions particuli\u00e8res.<\/p>\n<p>La r\u00e9daction du bail commercial n\u00e9cessite donc une v\u00e9ritable approche technique et juridique.<\/p>\n<p>Sa ratification requiert la validation particuli\u00e8rement attentive du bailleur dans la mesure o\u00f9 la conclusion d&rsquo;un bail commercial constitue une ali\u00e9nation partielle de son droit de propri\u00e9t\u00e9, du fait de la dur\u00e9e du bail, des conditions de fixation des loyers en cours de bail ainsi que des conditions de r\u00e9siliation de ce dernier.<\/p>\n<p>Pour le preneur, commer\u00e7ant, artisan ou industriel, la conclusion d&rsquo;un bail commercial constitue d&rsquo;une v\u00e9ritable s\u00e9curit\u00e9 quant \u00e0 la p\u00e9rennit\u00e9 de son activit\u00e9.<\/p>\n<p>Le cabinet de Ma\u00eetre VAUCANSON vous accompagne dans la n\u00e9gociation et la r\u00e9daction de vos baux commerciaux, vous conseille et vous assiste tout au long de son ex\u00e9cution.<\/p>\n<h2><span style=\"color: #a38858;\">Le fonds de commerce et sa vente<\/span><\/h2>\n<p>Il constitue la pierre angulaire du droit commercial.<\/p>\n<p>Sa composition a \u00e9t\u00e9 d\u00e9finie par le l\u00e9gislateur \u00e0 l&rsquo;occasion de la loi du 17 mars 1909 relative \u00e0 la vente du fonds de commerce.<\/p>\n<p>On consid\u00e8re que le fonds regroupe l&rsquo;ensemble des \u00e9l\u00e9ments permettant d&rsquo;attirer et de fid\u00e9liser la client\u00e8le.<\/p>\n<p>Classiquement on distingue les \u00e9l\u00e9ments incorporels du fonds de commerce que sont la client\u00e8le, l&rsquo;achalandage, le nom commercial, l&rsquo;enseigne, le droit au bail ainsi que l&rsquo;ensemble des droits de propri\u00e9t\u00e9 intellectuelle et industrielle, le mat\u00e9riel, outillage et les marchandises.<\/p>\n<p>Cette institution peut faire l&rsquo;objet de diverses op\u00e9rations juridiques que sont la vente, l&rsquo;apport en soci\u00e9t\u00e9, le nantissement, la location-g\u00e9rance et le cr\u00e9dit-bail.<\/p>\n<p>L&rsquo;importance du fonds de commerce est telle que la loi et les r\u00e8glements encadrent strictement les op\u00e9rations juridiques le concernant.<\/p>\n<p>Ces r\u00e8gles visent \u00e0 prot\u00e9ger non seulement le consentement des parties, l&rsquo;int\u00e9r\u00eat g\u00e9n\u00e9ral, ainsi que les partenaires et notamment les cr\u00e9anciers.<\/p>\n<p>De ce fait, la vente ou tout autre contrat, fait l&rsquo;objet de mesures d&rsquo;information particuli\u00e8res destin\u00e9es tant aux parties qu\u2019aux tiers li\u00e9s au fonds par des droits et des obligations de natures diverses.<\/p>\n<p>Le cabinet de Ma\u00eetre VAUCANSON vous accompagne sur l&rsquo;ensemble des op\u00e9rations concernant le fonds de commerce, ainsi que sur les formalit\u00e9s requises afin de les s\u00e9curiser et de les rendre parfaitement opposables.<\/p>\n<p>Plus g\u00e9n\u00e9ralement les mati\u00e8res trait\u00e9es par le cabinet de Ma\u00eetre Marie-Emily VAUCANSON sont essentiellement, les contrats commerciaux, quelque soit leur forme\u00a0(accords de distribution, vente, prestations de service, sous-traitance, \u2026), <a href=\"\/contrat-commerciaux\/\">le recouvrement des impay\u00e9s<\/a>, le statut des baux commerciaux, les proc\u00e9dures collectives, plus g\u00e9n\u00e9ralement toutes op\u00e9rations portant sur le fonds de commerce, le droit des obligations en g\u00e9n\u00e9ral, ainsi que la protection des dirigeants contre la mise en cause de leur responsabilit\u00e9 civile et p\u00e9nale.<\/div><\/div><\/div>\n<div class=\"wpv-grid grid-1-4  wpv-first-level unextended\" style=\"padding-top:0px;padding-bottom:0px\" id=\"wpv-column-2c27419fe88f721bc78677d2ca39431c\" ><div class=\"row \"><div class=\"wpv-grid grid-1-1  first unextended\" style=\"padding-top:0px;padding-bottom:0px\" id=\"wpv-column-076e50c542e825b9eaaff0ba42906bfa\" ><div class=\"services clearfix fullimage no-image has-icon has-button \" style=\"text-align:left;\">\r\n\t<div class=\"services-inside\">\r\n\t\t\t\t\t\t\t\t\t<div class=\"thumbnail\">\r\n\t\t\t\t\t\t\t\t\t\t\t<a href=\"\/\" title=\"Mail\" class=\"\">\r\n\t\t\t\t\t\t\t\t\t\t\t\t\t\t\t\t\t\t<span class='icon shortcode   use-hover' style='font-size:31px !important;color:#a38858;'>&#57507;<\/span>\t\t\t\t\t\t\t\t\t\t\t\t\t\t\t\t\t<\/a>\r\n\t\t\t\t\t\t\t\t\t<\/div>\r\n\t\t\t\t\t\t\t\t\t<div class=\"sep-2\"><\/div>\r\n\t\t\t\t\t\t\t\t\t\t\t\t\t\t<h4 class=\"services-title\">\r\n\t\t\t\t\t\t\t\t\t<a href=\"\/\" title=\"Mail\">Mail<\/a>\r\n\t\t\t\t\t\t\t<\/h4>\r\n\t\t\t\t\t\t\t<div class=\"services-content\">\n<a href=\"mailto:mevg@mevg.fr\" target=\"_blank\" rel=\"noopener noreferrer\">mevg@mevg.fr<\/a><\/div>\r\n\t\t\t\t\t<\/div>\r\n<\/div>\r\n<\/div><\/div>\n<div class=\"row \"><div class=\"wpv-grid grid-1-1  first unextended\" style=\"padding-top:0px;padding-bottom:0px\" id=\"wpv-column-d46d56d5bbfd700922d2e4cf314b8ec5\" ><div class=\"services clearfix fullimage no-image has-icon has-button \" style=\"text-align:left;\">\r\n\t<div class=\"services-inside\">\r\n\t\t\t\t\t\t\t\t\t<div class=\"thumbnail\">\r\n\t\t\t\t\t\t\t\t\t\t\t<a href=\"\/\" title=\"T\u00e9l\u00e9phone\" class=\"\">\r\n\t\t\t\t\t\t\t\t\t\t\t\t\t\t\t\t\t\t<span class='icon shortcode   use-hover' style='font-size:31px !important;color:#a38858;'>&#57491;<\/span>\t\t\t\t\t\t\t\t\t\t\t\t\t\t\t\t\t<\/a>\r\n\t\t\t\t\t\t\t\t\t<\/div>\r\n\t\t\t\t\t\t\t\t\t<div class=\"sep-2\"><\/div>\r\n\t\t\t\t\t\t\t\t\t\t\t\t\t\t<h4 class=\"services-title\">\r\n\t\t\t\t\t\t\t\t\t<a href=\"\/\" title=\"T\u00e9l\u00e9phone\">T\u00e9l\u00e9phone<\/a>\r\n\t\t\t\t\t\t\t<\/h4>\r\n\t\t\t\t\t\t\t<div class=\"services-content\">\n01 39 73 40 85<\/div>\r\n\t\t\t\t\t<\/div>\r\n<\/div>\r\n<\/div><\/div>\n<div class=\"row \"><div class=\"wpv-grid grid-1-1  first unextended\" style=\"padding-top:0px;padding-bottom:0px\" id=\"wpv-column-71141e8e7464eebfada429ce98961273\" ><div class=\"services clearfix fullimage no-image has-icon has-button \" style=\"text-align:left;\">\r\n\t<div class=\"services-inside\">\r\n\t\t\t\t\t\t\t\t\t<div class=\"thumbnail\">\r\n\t\t\t\t\t\t\t\t\t\t\t<a href=\"\/\" title=\"Adresse\" class=\"\">\r\n\t\t\t\t\t\t\t\t\t\t\t\t\t\t\t\t\t\t<span class='icon shortcode   use-hover' style='font-size:31px !important;color:#a38858;'>&#57512;<\/span>\t\t\t\t\t\t\t\t\t\t\t\t\t\t\t\t\t<\/a>\r\n\t\t\t\t\t\t\t\t\t<\/div>\r\n\t\t\t\t\t\t\t\t\t<div class=\"sep-2\"><\/div>\r\n\t\t\t\t\t\t\t\t\t\t\t\t\t\t<h4 class=\"services-title\">\r\n\t\t\t\t\t\t\t\t\t<a href=\"\/\" title=\"Adresse\">Adresse<\/a>\r\n\t\t\t\t\t\t\t<\/h4>\r\n\t\t\t\t\t\t\t<div class=\"services-content\">\n10 rue Thiers<br \/>\n78100 SAINT GERMAIN EN LAYE<\/div>\r\n\t\t\t\t\t<\/div>\r\n<\/div>\r\n<\/div><\/div>\n<div class=\"row \"><div class=\"wpv-grid grid-1-1  first unextended\" style=\"padding-top:0px;padding-bottom:0px\" id=\"wpv-column-b618e765e7152942e7f169154e8af869\" ><div class=\"services clearfix fullimage no-image has-icon has-button \" style=\"text-align:left;\">\r\n\t<div class=\"services-inside\">\r\n\t\t\t\t\t\t\t\t\t<div class=\"thumbnail\">\r\n\t\t\t\t\t\t\t\t\t\t\t<a href=\"\/\" title=\"Horaires\" class=\"\">\r\n\t\t\t\t\t\t\t\t\t\t\t\t\t\t\t\t\t\t<span class='icon shortcode   use-hover' style='font-size:31px !important;color:#a38858;'>&#57524;<\/span>\t\t\t\t\t\t\t\t\t\t\t\t\t\t\t\t\t<\/a>\r\n\t\t\t\t\t\t\t\t\t<\/div>\r\n\t\t\t\t\t\t\t\t\t<div class=\"sep-2\"><\/div>\r\n\t\t\t\t\t\t\t\t\t\t\t\t\t\t<h4 class=\"services-title\">\r\n\t\t\t\t\t\t\t\t\t<a href=\"\/\" title=\"Horaires\">Horaires<\/a>\r\n\t\t\t\t\t\t\t<\/h4>\r\n\t\t\t\t\t\t\t<div class=\"services-content\">\n<div class=\"info_horaire\">\n<p>Du lundi au vendredi<\/p>\n<p>De 9h \u00e0 13h et de 14h \u00e0 19h<\/p>\n<\/div>\n<p><strong>\u00a0<\/strong><\/div>\r\n\t\t\t\t\t<\/div>\r\n<\/div>\r\n<\/div><\/div>\n<div class=\"row \"><div class=\"wpv-grid grid-1-1  first unextended\" style=\"padding-top:0px;padding-bottom:0px\" id=\"wpv-column-56c9081a5c2b1181f1e46a592b7b1450\" ><p><img loading=\"lazy\" decoding=\"async\" class=\"alignnone wp-image-12064 size-full\" src=\"https:\/\/www.avocat-vaucanson.com\/file\/2018\/05\/commercial-petit.jpg\" alt=\"\" width=\"1000\" height=\"730\" srcset=\"https:\/\/www.avocat-vaucanson.com\/file\/2018\/05\/commercial-petit.jpg 1000w, https:\/\/www.avocat-vaucanson.com\/file\/2018\/05\/commercial-petit-300x219.jpg 300w, https:\/\/www.avocat-vaucanson.com\/file\/2018\/05\/commercial-petit-768x561.jpg 768w, https:\/\/www.avocat-vaucanson.com\/file\/2018\/05\/commercial-petit-555x405.jpg 555w, https:\/\/www.avocat-vaucanson.com\/file\/2018\/05\/commercial-petit-360x263.jpg 360w, https:\/\/www.avocat-vaucanson.com\/file\/2018\/05\/commercial-petit-262x191.jpg 262w, https:\/\/www.avocat-vaucanson.com\/file\/2018\/05\/commercial-petit-600x438.jpg 600w\" sizes=\"auto, (max-width: 1000px) 100vw, 1000px\" \/><\/div><\/div><\/div><\/div>\n<div class=\"push\" style='height:35px'><\/div>\n","protected":false},"excerpt":{"rendered":"<p>Ma\u00eetre VAUCANSON, Avocat au Barreau de Versailles intervient \u00e0 Saint Germain en Laye, dans l\u2019ensemble du d\u00e9partement des Yvelines ainsi que dans toute la France. Le fonds de commerce repr\u00e9sente un \u00e9l\u00e9ment essentiel de la valeur d\u2019une entreprise et peut faire l\u2019objet de diverses op\u00e9rations patrimoniales. Le bail commercial constitue dans certain cas un \u00e9l\u00e9ment&#8230;<\/p>\n","protected":false},"author":2,"featured_media":0,"parent":0,"menu_order":0,"comment_status":"closed","ping_status":"closed","template":"","meta":{"footnotes":""},"class_list":["post-12070","page","type-page","status-publish","hentry"],"yoast_head":"<!-- This site is optimized with the Yoast SEO plugin v25.4 - https:\/\/yoast.com\/wordpress\/plugins\/seo\/ -->\n<title>Avocat - Baux et Cession de fonds \u00e0 Saint-Germain-en-Laye<\/title>\n<meta name=\"description\" content=\"Vous cherchez un avocat \u00e0 Saint-Germain-en-Laye pour des questions li\u00e9es aux baux commerciaux et la cession des fonds de commerce ? Contactez Me VAUCANSON ici.\" \/>\n<meta name=\"robots\" content=\"index, follow, max-snippet:-1, max-image-preview:large, max-video-preview:-1\" \/>\n<link rel=\"canonical\" href=\"https:\/\/www.avocat-vaucanson.com\/baux-commerciaux\/\" \/>\n<meta property=\"og:locale\" content=\"fr_FR\" \/>\n<meta property=\"og:type\" content=\"article\" \/>\n<meta property=\"og:title\" content=\"Avocat - Baux et Cession de fonds \u00e0 Saint-Germain-en-Laye\" \/>\n<meta property=\"og:description\" content=\"Vous cherchez un avocat \u00e0 Saint-Germain-en-Laye pour des questions li\u00e9es aux baux commerciaux et la cession des fonds de commerce ? Contactez Me VAUCANSON ici.\" \/>\n<meta property=\"og:url\" content=\"https:\/\/www.avocat-vaucanson.com\/baux-commerciaux\/\" \/>\n<meta property=\"og:site_name\" content=\"Vaucanson\" \/>\n<meta property=\"article:modified_time\" content=\"2020-03-23T16:10:59+00:00\" \/>\n<meta property=\"og:image\" content=\"https:\/\/www.avocat-vaucanson.com\/file\/2018\/05\/commercial-petit.jpg\" \/>\n\t<meta property=\"og:image:width\" content=\"1000\" \/>\n\t<meta property=\"og:image:height\" content=\"730\" \/>\n\t<meta property=\"og:image:type\" content=\"image\/jpeg\" \/>\n<meta name=\"twitter:card\" content=\"summary_large_image\" \/>\n<meta name=\"twitter:label1\" content=\"Dur\u00e9e de lecture estim\u00e9e\" \/>\n\t<meta name=\"twitter:data1\" content=\"5 minutes\" \/>\n<script type=\"application\/ld+json\" class=\"yoast-schema-graph\">{\"@context\":\"https:\/\/schema.org\",\"@graph\":[{\"@type\":\"WebPage\",\"@id\":\"https:\/\/www.avocat-vaucanson.com\/baux-commerciaux\/\",\"url\":\"https:\/\/www.avocat-vaucanson.com\/baux-commerciaux\/\",\"name\":\"Avocat - Baux et Cession de fonds \u00e0 Saint-Germain-en-Laye\",\"isPartOf\":{\"@id\":\"https:\/\/www.avocat-vaucanson.com\/#website\"},\"primaryImageOfPage\":{\"@id\":\"https:\/\/www.avocat-vaucanson.com\/baux-commerciaux\/#primaryimage\"},\"image\":{\"@id\":\"https:\/\/www.avocat-vaucanson.com\/baux-commerciaux\/#primaryimage\"},\"thumbnailUrl\":\"https:\/\/www.avocat-vaucanson.com\/file\/2018\/05\/commercial-petit.jpg\",\"datePublished\":\"2018-05-29T12:10:19+00:00\",\"dateModified\":\"2020-03-23T16:10:59+00:00\",\"description\":\"Vous cherchez un avocat \u00e0 Saint-Germain-en-Laye pour des questions li\u00e9es aux baux commerciaux et la cession des fonds de commerce ? Contactez Me VAUCANSON ici.\",\"breadcrumb\":{\"@id\":\"https:\/\/www.avocat-vaucanson.com\/baux-commerciaux\/#breadcrumb\"},\"inLanguage\":\"fr-FR\",\"potentialAction\":[{\"@type\":\"ReadAction\",\"target\":[\"https:\/\/www.avocat-vaucanson.com\/baux-commerciaux\/\"]}]},{\"@type\":\"ImageObject\",\"inLanguage\":\"fr-FR\",\"@id\":\"https:\/\/www.avocat-vaucanson.com\/baux-commerciaux\/#primaryimage\",\"url\":\"https:\/\/www.avocat-vaucanson.com\/file\/2018\/05\/commercial-petit.jpg\",\"contentUrl\":\"https:\/\/www.avocat-vaucanson.com\/file\/2018\/05\/commercial-petit.jpg\",\"width\":1000,\"height\":730},{\"@type\":\"BreadcrumbList\",\"@id\":\"https:\/\/www.avocat-vaucanson.com\/baux-commerciaux\/#breadcrumb\",\"itemListElement\":[{\"@type\":\"ListItem\",\"position\":1,\"name\":\"Accueil\",\"item\":\"https:\/\/www.avocat-vaucanson.com\/\"},{\"@type\":\"ListItem\",\"position\":2,\"name\":\"Avocat pour les baux commerciaux et la cession des fonds de commerce \u00e0 Saint-Germain-en-Laye\"}]},{\"@type\":\"WebSite\",\"@id\":\"https:\/\/www.avocat-vaucanson.com\/#website\",\"url\":\"https:\/\/www.avocat-vaucanson.com\/\",\"name\":\"Vaucanson\",\"description\":\"Avocat au barreau de Versailles\",\"potentialAction\":[{\"@type\":\"SearchAction\",\"target\":{\"@type\":\"EntryPoint\",\"urlTemplate\":\"https:\/\/www.avocat-vaucanson.com\/?s={search_term_string}\"},\"query-input\":{\"@type\":\"PropertyValueSpecification\",\"valueRequired\":true,\"valueName\":\"search_term_string\"}}],\"inLanguage\":\"fr-FR\"}]}<\/script>\n<!-- \/ Yoast SEO plugin. -->","yoast_head_json":{"title":"Avocat - Baux et Cession de fonds \u00e0 Saint-Germain-en-Laye","description":"Vous cherchez un avocat \u00e0 Saint-Germain-en-Laye pour des questions li\u00e9es aux baux commerciaux et la cession des fonds de commerce ? Contactez Me VAUCANSON ici.","robots":{"index":"index","follow":"follow","max-snippet":"max-snippet:-1","max-image-preview":"max-image-preview:large","max-video-preview":"max-video-preview:-1"},"canonical":"https:\/\/www.avocat-vaucanson.com\/baux-commerciaux\/","og_locale":"fr_FR","og_type":"article","og_title":"Avocat - Baux et Cession de fonds \u00e0 Saint-Germain-en-Laye","og_description":"Vous cherchez un avocat \u00e0 Saint-Germain-en-Laye pour des questions li\u00e9es aux baux commerciaux et la cession des fonds de commerce ? Contactez Me VAUCANSON ici.","og_url":"https:\/\/www.avocat-vaucanson.com\/baux-commerciaux\/","og_site_name":"Vaucanson","article_modified_time":"2020-03-23T16:10:59+00:00","og_image":[{"width":1000,"height":730,"url":"https:\/\/www.avocat-vaucanson.com\/file\/2018\/05\/commercial-petit.jpg","type":"image\/jpeg"}],"twitter_card":"summary_large_image","twitter_misc":{"Dur\u00e9e de lecture estim\u00e9e":"5 minutes"},"schema":{"@context":"https:\/\/schema.org","@graph":[{"@type":"WebPage","@id":"https:\/\/www.avocat-vaucanson.com\/baux-commerciaux\/","url":"https:\/\/www.avocat-vaucanson.com\/baux-commerciaux\/","name":"Avocat - Baux et Cession de fonds \u00e0 Saint-Germain-en-Laye","isPartOf":{"@id":"https:\/\/www.avocat-vaucanson.com\/#website"},"primaryImageOfPage":{"@id":"https:\/\/www.avocat-vaucanson.com\/baux-commerciaux\/#primaryimage"},"image":{"@id":"https:\/\/www.avocat-vaucanson.com\/baux-commerciaux\/#primaryimage"},"thumbnailUrl":"https:\/\/www.avocat-vaucanson.com\/file\/2018\/05\/commercial-petit.jpg","datePublished":"2018-05-29T12:10:19+00:00","dateModified":"2020-03-23T16:10:59+00:00","description":"Vous cherchez un avocat \u00e0 Saint-Germain-en-Laye pour des questions li\u00e9es aux baux commerciaux et la cession des fonds de commerce ? Contactez Me VAUCANSON ici.","breadcrumb":{"@id":"https:\/\/www.avocat-vaucanson.com\/baux-commerciaux\/#breadcrumb"},"inLanguage":"fr-FR","potentialAction":[{"@type":"ReadAction","target":["https:\/\/www.avocat-vaucanson.com\/baux-commerciaux\/"]}]},{"@type":"ImageObject","inLanguage":"fr-FR","@id":"https:\/\/www.avocat-vaucanson.com\/baux-commerciaux\/#primaryimage","url":"https:\/\/www.avocat-vaucanson.com\/file\/2018\/05\/commercial-petit.jpg","contentUrl":"https:\/\/www.avocat-vaucanson.com\/file\/2018\/05\/commercial-petit.jpg","width":1000,"height":730},{"@type":"BreadcrumbList","@id":"https:\/\/www.avocat-vaucanson.com\/baux-commerciaux\/#breadcrumb","itemListElement":[{"@type":"ListItem","position":1,"name":"Accueil","item":"https:\/\/www.avocat-vaucanson.com\/"},{"@type":"ListItem","position":2,"name":"Avocat pour les baux commerciaux et la cession des fonds de commerce \u00e0 Saint-Germain-en-Laye"}]},{"@type":"WebSite","@id":"https:\/\/www.avocat-vaucanson.com\/#website","url":"https:\/\/www.avocat-vaucanson.com\/","name":"Vaucanson","description":"Avocat au barreau de Versailles","potentialAction":[{"@type":"SearchAction","target":{"@type":"EntryPoint","urlTemplate":"https:\/\/www.avocat-vaucanson.com\/?s={search_term_string}"},"query-input":{"@type":"PropertyValueSpecification","valueRequired":true,"valueName":"search_term_string"}}],"inLanguage":"fr-FR"}]}},"_links":{"self":[{"href":"https:\/\/www.avocat-vaucanson.com\/rest\/wp\/v2\/pages\/12070","targetHints":{"allow":["GET"]}}],"collection":[{"href":"https:\/\/www.avocat-vaucanson.com\/rest\/wp\/v2\/pages"}],"about":[{"href":"https:\/\/www.avocat-vaucanson.com\/rest\/wp\/v2\/types\/page"}],"author":[{"embeddable":true,"href":"https:\/\/www.avocat-vaucanson.com\/rest\/wp\/v2\/users\/2"}],"replies":[{"embeddable":true,"href":"https:\/\/www.avocat-vaucanson.com\/rest\/wp\/v2\/comments?post=12070"}],"version-history":[{"count":10,"href":"https:\/\/www.avocat-vaucanson.com\/rest\/wp\/v2\/pages\/12070\/revisions"}],"predecessor-version":[{"id":12330,"href":"https:\/\/www.avocat-vaucanson.com\/rest\/wp\/v2\/pages\/12070\/revisions\/12330"}],"wp:attachment":[{"href":"https:\/\/www.avocat-vaucanson.com\/rest\/wp\/v2\/media?parent=12070"}],"curies":[{"name":"wp","href":"https:\/\/api.w.org\/{rel}","templated":true}]}}